{"id":341,"date":"2021-04-21T15:03:25","date_gmt":"2021-04-21T13:03:25","guid":{"rendered":"https:\/\/photos-infographiste.com\/boutique\/?post_type=product&#038;p=341"},"modified":"2021-05-24T14:12:39","modified_gmt":"2021-05-24T12:12:39","slug":"bateau-de-peche-et-le-phare-de-kermorvan-le-conquet","status":"publish","type":"product","link":"https:\/\/photos-infographiste.com\/boutique\/produit\/bateau-de-peche-et-le-phare-de-kermorvan-le-conquet\/","title":{"rendered":"Bateau de p\u00eache et le Phare de Kermorvan &#8211; Le conquet"},"content":{"rendered":"","protected":false},"excerpt":{"rendered":"<p>Bateau de p\u00eache et le Phare de Kermorvan &#8211; Le Conquet, une matin\u00e9e d&#8217;Avril &#8211; pays d&#8217;Iroise (Finist\u00e8re 29)<\/p>\n","protected":false},"featured_media":345,"comment_status":"open","ping_status":"closed","template":"","meta":[],"yoast_head":"<!-- This site is optimized with the Yoast SEO plugin v16.3 - https:\/\/yoast.com\/wordpress\/plugins\/seo\/ -->\n<title>Bateau de p\u00eache et le Phare de Kermorvan - Le conquet - La boutique photos<\/title>\n<meta name=\"description\" content=\"Bateau de p\u00eache et le Phare de Kermorvan - Le Conquet en pays d&#039;Iroise dans le Finist\u00e8re (29), une matin\u00e9e d&#039;avril\" \/>\n<meta name=\"robots\" content=\"index, follow, max-snippet:-1, max-image-preview:large, max-video-preview:-1\" \/>\n<link rel=\"canonical\" href=\"https:\/\/photos-infographiste.com\/boutique\/produit\/bateau-de-peche-et-le-phare-de-kermorvan-le-conquet\/\" \/>\n<meta property=\"og:locale\" content=\"fr_FR\" \/>\n<meta property=\"og:type\" content=\"article\" \/>\n<meta property=\"og:title\" content=\"Bateau de p\u00eache et le Phare de Kermorvan - Le conquet - La boutique photos\" \/>\n<meta property=\"og:description\" content=\"Bateau de p\u00eache et le Phare de Kermorvan - Le Conquet en pays d&#039;Iroise dans le Finist\u00e8re (29), une matin\u00e9e d&#039;avril\" \/>\n<meta property=\"og:url\" content=\"https:\/\/photos-infographiste.com\/boutique\/produit\/bateau-de-peche-et-le-phare-de-kermorvan-le-conquet\/\" \/>\n<meta property=\"og:site_name\" content=\"La boutique photos\" \/>\n<meta property=\"article:modified_time\" content=\"2021-05-24T12:12:39+00:00\" \/>\n<meta property=\"og:image\" content=\"https:\/\/photos-infographiste.com\/boutique\/wp-content\/uploads\/2021\/04\/BRE5698.jpg\" \/>\n\t<meta property=\"og:image:width\" content=\"1024\" \/>\n\t<meta property=\"og:image:height\" content=\"680\" \/>\n<meta name=\"twitter:card\" content=\"summary_large_image\" \/>\n<script type=\"application\/ld+json\" class=\"yoast-schema-graph\">{\"@context\":\"https:\/\/schema.org\",\"@graph\":[{\"@type\":\"Organization\",\"@id\":\"https:\/\/photos-infographiste.com\/boutique\/#organization\",\"name\":\"photos-infographiste.com\",\"url\":\"https:\/\/photos-infographiste.com\/boutique\/\",\"sameAs\":[],\"logo\":{\"@type\":\"ImageObject\",\"@id\":\"https:\/\/photos-infographiste.com\/boutique\/#logo\",\"inLanguage\":\"fr-FR\",\"url\":\"https:\/\/photos-infographiste.com\/boutique\/wp-content\/uploads\/2021\/01\/logo-boutique_250-100-v2.png\",\"contentUrl\":\"https:\/\/photos-infographiste.com\/boutique\/wp-content\/uploads\/2021\/01\/logo-boutique_250-100-v2.png\",\"width\":250,\"height\":100,\"caption\":\"photos-infographiste.com\"},\"image\":{\"@id\":\"https:\/\/photos-infographiste.com\/boutique\/#logo\"}},{\"@type\":\"WebSite\",\"@id\":\"https:\/\/photos-infographiste.com\/boutique\/#website\",\"url\":\"https:\/\/photos-infographiste.com\/boutique\/\",\"name\":\"La boutique photos\",\"description\":\"photos-infographiste.com\",\"publisher\":{\"@id\":\"https:\/\/photos-infographiste.com\/boutique\/#organization\"},\"potentialAction\":[{\"@type\":\"SearchAction\",\"target\":\"https:\/\/photos-infographiste.com\/boutique\/?s={search_term_string}\",\"query-input\":\"required name=search_term_string\"}],\"inLanguage\":\"fr-FR\"},{\"@type\":\"ImageObject\",\"@id\":\"https:\/\/photos-infographiste.com\/boutique\/produit\/bateau-de-peche-et-le-phare-de-kermorvan-le-conquet\/#primaryimage\",\"inLanguage\":\"fr-FR\",\"url\":\"https:\/\/photos-infographiste.com\/boutique\/wp-content\/uploads\/2021\/04\/BRE5698.jpg\",\"contentUrl\":\"https:\/\/photos-infographiste.com\/boutique\/wp-content\/uploads\/2021\/04\/BRE5698.jpg\",\"width\":1024,\"height\":680,\"caption\":\"La presqu'ile de Kermorvan, Le Conquet\"},{\"@type\":\"WebPage\",\"@id\":\"https:\/\/photos-infographiste.com\/boutique\/produit\/bateau-de-peche-et-le-phare-de-kermorvan-le-conquet\/#webpage\",\"url\":\"https:\/\/photos-infographiste.com\/boutique\/produit\/bateau-de-peche-et-le-phare-de-kermorvan-le-conquet\/\",\"name\":\"Bateau de p\\u00eache et le Phare de Kermorvan - Le conquet - La boutique photos\",\"isPartOf\":{\"@id\":\"https:\/\/photos-infographiste.com\/boutique\/#website\"},\"primaryImageOfPage\":{\"@id\":\"https:\/\/photos-infographiste.com\/boutique\/produit\/bateau-de-peche-et-le-phare-de-kermorvan-le-conquet\/#primaryimage\"},\"datePublished\":\"2021-04-21T13:03:25+00:00\",\"dateModified\":\"2021-05-24T12:12:39+00:00\",\"description\":\"Bateau de p\\u00eache et le Phare de Kermorvan - Le Conquet en pays d'Iroise dans le Finist\\u00e8re (29), une matin\\u00e9e d'avril\",\"breadcrumb\":{\"@id\":\"https:\/\/photos-infographiste.com\/boutique\/produit\/bateau-de-peche-et-le-phare-de-kermorvan-le-conquet\/#breadcrumb\"},\"inLanguage\":\"fr-FR\",\"potentialAction\":[{\"@type\":\"ReadAction\",\"target\":[\"https:\/\/photos-infographiste.com\/boutique\/produit\/bateau-de-peche-et-le-phare-de-kermorvan-le-conquet\/\"]}]},{\"@type\":\"BreadcrumbList\",\"@id\":\"https:\/\/photos-infographiste.com\/boutique\/produit\/bateau-de-peche-et-le-phare-de-kermorvan-le-conquet\/#breadcrumb\",\"itemListElement\":[{\"@type\":\"ListItem\",\"position\":1,\"item\":{\"@type\":\"WebPage\",\"@id\":\"https:\/\/photos-infographiste.com\/boutique\/\",\"url\":\"https:\/\/photos-infographiste.com\/boutique\/\",\"name\":\"Accueil\"}},{\"@type\":\"ListItem\",\"position\":2,\"item\":{\"@type\":\"WebPage\",\"@id\":\"https:\/\/photos-infographiste.com\/boutique\/\",\"url\":\"https:\/\/photos-infographiste.com\/boutique\/\",\"name\":\"La boutique \\u00e0 photos\"}},{\"@type\":\"ListItem\",\"position\":3,\"item\":{\"@id\":\"https:\/\/photos-infographiste.com\/boutique\/produit\/bateau-de-peche-et-le-phare-de-kermorvan-le-conquet\/#webpage\"}}]}]}<\/script>\n<!-- \/ Yoast SEO plugin. -->","_links":{"self":[{"href":"https:\/\/photos-infographiste.com\/boutique\/wp-json\/wp\/v2\/product\/341"}],"collection":[{"href":"https:\/\/photos-infographiste.com\/boutique\/wp-json\/wp\/v2\/product"}],"about":[{"href":"https:\/\/photos-infographiste.com\/boutique\/wp-json\/wp\/v2\/types\/product"}],"replies":[{"embeddable":true,"href":"https:\/\/photos-infographiste.com\/boutique\/wp-json\/wp\/v2\/comments?post=341"}],"wp:featuredmedia":[{"embeddable":true,"href":"https:\/\/photos-infographiste.com\/boutique\/wp-json\/wp\/v2\/media\/345"}],"wp:attachment":[{"href":"https:\/\/photos-infographiste.com\/boutique\/wp-json\/wp\/v2\/media?parent=341"}],"curies":[{"name":"wp","href":"https:\/\/api.w.org\/{rel}","templated":true}]}}