{"id":68,"date":"2020-12-22T13:05:42","date_gmt":"2020-12-22T12:05:42","guid":{"rendered":"http:\/\/photos-infographiste.com\/boutique\/?post_type=product&#038;p=68"},"modified":"2021-05-24T14:14:39","modified_gmt":"2021-05-24T12:14:39","slug":"panorama-plage-du-trez-hir-a-plougonvelin-a-maree-haute","status":"publish","type":"product","link":"https:\/\/photos-infographiste.com\/boutique\/produit\/panorama-plage-du-trez-hir-a-plougonvelin-a-maree-haute\/","title":{"rendered":"Panorama plage du Trez-Hir \u00e0 Plougonvelin \u00e0 mar\u00e9e haute"},"content":{"rendered":"<p>Vue sur la plage du Trez-Hir \u00e0 mar\u00e9e haute<\/p>\n","protected":false},"excerpt":{"rendered":"<p>Plougonvelin \u2013 Le Trez-Hir.<br \/>\nFinist\u00e8re (29)<br \/>\nVue sur la plage \u2013 mar\u00e9e haute \u2013 mars 2015.<br \/>\nTaille r\u00e9elle de l\u2019image 1,61 m x 0,27 m \u00e0 240 dpi.<\/p>\n","protected":false},"featured_media":69,"comment_status":"open","ping_status":"closed","template":"","meta":[],"yoast_head":"<!-- This site is optimized with the Yoast SEO plugin v16.3 - https:\/\/yoast.com\/wordpress\/plugins\/seo\/ -->\n<title>Panorama plage du Trez-Hir \u00e0 Plougonvelin \u00e0 mar\u00e9e haute - La boutique photos<\/title>\n<meta name=\"robots\" content=\"index, follow, max-snippet:-1, max-image-preview:large, max-video-preview:-1\" \/>\n<link rel=\"canonical\" href=\"https:\/\/photos-infographiste.com\/boutique\/produit\/panorama-plage-du-trez-hir-a-plougonvelin-a-maree-haute\/\" \/>\n<meta property=\"og:locale\" content=\"fr_FR\" \/>\n<meta property=\"og:type\" content=\"article\" \/>\n<meta property=\"og:title\" content=\"Panorama plage du Trez-Hir \u00e0 Plougonvelin \u00e0 mar\u00e9e haute - La boutique photos\" \/>\n<meta property=\"og:description\" content=\"Plougonvelin \u2013 Le Trez-Hir. Finist\u00e8re (29) Vue sur la plage \u2013 mar\u00e9e haute \u2013 mars 2015. Taille r\u00e9elle de l\u2019image 1,61 m x 0,27 m \u00e0 240 dpi.\" \/>\n<meta property=\"og:url\" content=\"https:\/\/photos-infographiste.com\/boutique\/produit\/panorama-plage-du-trez-hir-a-plougonvelin-a-maree-haute\/\" \/>\n<meta property=\"og:site_name\" content=\"La boutique photos\" \/>\n<meta property=\"article:modified_time\" content=\"2021-05-24T12:14:39+00:00\" \/>\n<meta property=\"og:image\" content=\"https:\/\/photos-infographiste.com\/boutique\/wp-content\/uploads\/2020\/12\/panorama-maree-haute-trez-hir.jpg\" \/>\n\t<meta property=\"og:image:width\" content=\"1600\" \/>\n\t<meta property=\"og:image:height\" content=\"274\" \/>\n<meta name=\"twitter:card\" content=\"summary_large_image\" \/>\n<script type=\"application\/ld+json\" class=\"yoast-schema-graph\">{\"@context\":\"https:\/\/schema.org\",\"@graph\":[{\"@type\":\"Organization\",\"@id\":\"https:\/\/photos-infographiste.com\/boutique\/#organization\",\"name\":\"photos-infographiste.com\",\"url\":\"https:\/\/photos-infographiste.com\/boutique\/\",\"sameAs\":[],\"logo\":{\"@type\":\"ImageObject\",\"@id\":\"https:\/\/photos-infographiste.com\/boutique\/#logo\",\"inLanguage\":\"fr-FR\",\"url\":\"https:\/\/photos-infographiste.com\/boutique\/wp-content\/uploads\/2021\/01\/logo-boutique_250-100-v2.png\",\"contentUrl\":\"https:\/\/photos-infographiste.com\/boutique\/wp-content\/uploads\/2021\/01\/logo-boutique_250-100-v2.png\",\"width\":250,\"height\":100,\"caption\":\"photos-infographiste.com\"},\"image\":{\"@id\":\"https:\/\/photos-infographiste.com\/boutique\/#logo\"}},{\"@type\":\"WebSite\",\"@id\":\"https:\/\/photos-infographiste.com\/boutique\/#website\",\"url\":\"https:\/\/photos-infographiste.com\/boutique\/\",\"name\":\"La boutique photos\",\"description\":\"photos-infographiste.com\",\"publisher\":{\"@id\":\"https:\/\/photos-infographiste.com\/boutique\/#organization\"},\"potentialAction\":[{\"@type\":\"SearchAction\",\"target\":\"https:\/\/photos-infographiste.com\/boutique\/?s={search_term_string}\",\"query-input\":\"required name=search_term_string\"}],\"inLanguage\":\"fr-FR\"},{\"@type\":\"ImageObject\",\"@id\":\"https:\/\/photos-infographiste.com\/boutique\/produit\/panorama-plage-du-trez-hir-a-plougonvelin-a-maree-haute\/#primaryimage\",\"inLanguage\":\"fr-FR\",\"url\":\"https:\/\/photos-infographiste.com\/boutique\/wp-content\/uploads\/2020\/12\/panorama-maree-haute-trez-hir.jpg\",\"contentUrl\":\"https:\/\/photos-infographiste.com\/boutique\/wp-content\/uploads\/2020\/12\/panorama-maree-haute-trez-hir.jpg\",\"width\":1600,\"height\":274,\"caption\":\"panorama plage du trez-hir \\u00e0 Plougonvelin\"},{\"@type\":\"WebPage\",\"@id\":\"https:\/\/photos-infographiste.com\/boutique\/produit\/panorama-plage-du-trez-hir-a-plougonvelin-a-maree-haute\/#webpage\",\"url\":\"https:\/\/photos-infographiste.com\/boutique\/produit\/panorama-plage-du-trez-hir-a-plougonvelin-a-maree-haute\/\",\"name\":\"Panorama plage du Trez-Hir \\u00e0 Plougonvelin \\u00e0 mar\\u00e9e haute - La boutique photos\",\"isPartOf\":{\"@id\":\"https:\/\/photos-infographiste.com\/boutique\/#website\"},\"primaryImageOfPage\":{\"@id\":\"https:\/\/photos-infographiste.com\/boutique\/produit\/panorama-plage-du-trez-hir-a-plougonvelin-a-maree-haute\/#primaryimage\"},\"datePublished\":\"2020-12-22T12:05:42+00:00\",\"dateModified\":\"2021-05-24T12:14:39+00:00\",\"breadcrumb\":{\"@id\":\"https:\/\/photos-infographiste.com\/boutique\/produit\/panorama-plage-du-trez-hir-a-plougonvelin-a-maree-haute\/#breadcrumb\"},\"inLanguage\":\"fr-FR\",\"potentialAction\":[{\"@type\":\"ReadAction\",\"target\":[\"https:\/\/photos-infographiste.com\/boutique\/produit\/panorama-plage-du-trez-hir-a-plougonvelin-a-maree-haute\/\"]}]},{\"@type\":\"BreadcrumbList\",\"@id\":\"https:\/\/photos-infographiste.com\/boutique\/produit\/panorama-plage-du-trez-hir-a-plougonvelin-a-maree-haute\/#breadcrumb\",\"itemListElement\":[{\"@type\":\"ListItem\",\"position\":1,\"item\":{\"@type\":\"WebPage\",\"@id\":\"https:\/\/photos-infographiste.com\/boutique\/\",\"url\":\"https:\/\/photos-infographiste.com\/boutique\/\",\"name\":\"Accueil\"}},{\"@type\":\"ListItem\",\"position\":2,\"item\":{\"@type\":\"WebPage\",\"@id\":\"https:\/\/photos-infographiste.com\/boutique\/\",\"url\":\"https:\/\/photos-infographiste.com\/boutique\/\",\"name\":\"La boutique \\u00e0 photos\"}},{\"@type\":\"ListItem\",\"position\":3,\"item\":{\"@id\":\"https:\/\/photos-infographiste.com\/boutique\/produit\/panorama-plage-du-trez-hir-a-plougonvelin-a-maree-haute\/#webpage\"}}]}]}<\/script>\n<!-- \/ Yoast SEO plugin. -->","_links":{"self":[{"href":"https:\/\/photos-infographiste.com\/boutique\/wp-json\/wp\/v2\/product\/68"}],"collection":[{"href":"https:\/\/photos-infographiste.com\/boutique\/wp-json\/wp\/v2\/product"}],"about":[{"href":"https:\/\/photos-infographiste.com\/boutique\/wp-json\/wp\/v2\/types\/product"}],"replies":[{"embeddable":true,"href":"https:\/\/photos-infographiste.com\/boutique\/wp-json\/wp\/v2\/comments?post=68"}],"wp:featuredmedia":[{"embeddable":true,"href":"https:\/\/photos-infographiste.com\/boutique\/wp-json\/wp\/v2\/media\/69"}],"wp:attachment":[{"href":"https:\/\/photos-infographiste.com\/boutique\/wp-json\/wp\/v2\/media?parent=68"}],"curies":[{"name":"wp","href":"https:\/\/api.w.org\/{rel}","templated":true}]}}